{"id":8384,"date":"2019-08-31T13:50:19","date_gmt":"2019-08-31T11:50:19","guid":{"rendered":"http:\/\/culmsee.com\/wordpress-weblog\/?page_id=8384"},"modified":"2019-10-04T14:06:48","modified_gmt":"2019-10-04T12:06:48","slug":"books-ebooks-amazon","status":"publish","type":"page","link":"https:\/\/culmsee.com\/wordpress-weblog\/books-ebooks-amazon\/","title":{"rendered":"Books \/ eBooks Amazon"},"content":{"rendered":"<h1 style=\"text-align: center;\"><em><span style=\"font-family: Times;\"><span style=\"color: #188ea0;\">my own books:<\/span><\/span><\/em><\/h1>\n<h2 style=\"text-align: center;\"><span style=\"color: #188ea0;\">&#8212; advertising &#8212;<\/span><\/h2>\n<figure id=\"attachment_8356\" aria-describedby=\"caption-attachment-8356\" style=\"width: 375px\" class=\"wp-caption aligncenter\"><a href=\"http:\/\/culmsee.com\/wordpress-weblog\/wp-content\/uploads\/2019\/08\/Rosen-1_jpg.jpg\"><img loading=\"lazy\" decoding=\"async\" class=\"wp-image-8356 size-medium\" src=\"http:\/\/culmsee.com\/wordpress-weblog\/wp-content\/uploads\/2019\/08\/Rosen-1_jpg-375x600.jpg\" alt=\"Amazon eBook Cover von Axel Culmsee Rose Merci\" width=\"375\" height=\"600\" srcset=\"https:\/\/culmsee.com\/wordpress-weblog\/wp-content\/uploads\/2019\/08\/Rosen-1_jpg-375x600.jpg 375w, https:\/\/culmsee.com\/wordpress-weblog\/wp-content\/uploads\/2019\/08\/Rosen-1_jpg-768x1229.jpg 768w, https:\/\/culmsee.com\/wordpress-weblog\/wp-content\/uploads\/2019\/08\/Rosen-1_jpg-750x1200.jpg 750w, https:\/\/culmsee.com\/wordpress-weblog\/wp-content\/uploads\/2019\/08\/Rosen-1_jpg-500x800.jpg 500w, https:\/\/culmsee.com\/wordpress-weblog\/wp-content\/uploads\/2019\/08\/Rosen-1_jpg-800x1280.jpg 800w, https:\/\/culmsee.com\/wordpress-weblog\/wp-content\/uploads\/2019\/08\/Rosen-1_jpg-1280x2048.jpg 1280w, https:\/\/culmsee.com\/wordpress-weblog\/wp-content\/uploads\/2019\/08\/Rosen-1_jpg-169x270.jpg 169w, https:\/\/culmsee.com\/wordpress-weblog\/wp-content\/uploads\/2019\/08\/Rosen-1_jpg.jpg 1600w\" sizes=\"auto, (max-width: 375px) 100vw, 375px\" \/><\/a><figcaption id=\"caption-attachment-8356\" class=\"wp-caption-text\">Amazon <strong>eBook<\/strong> (Cover) von <em>Axel Culmsee:<\/em> <strong>Rose &#8211; Merci<\/strong><\/figcaption><\/figure>\n<h5>12:<br \/>\nRos\u00e9 | tear of joy | naranja dulce | pinkish | expressiveness | luckily escaped | red glory | rose&#8217;s dawn | rose&#8217;s dawn | full grandeur | tender mystique | a soup\u00e7on of grace | inner heart<\/h5>\n<blockquote>\n<p style=\"text-align: center;\"><a href=\"https:\/\/amzn.to\/34daFgX\" target=\"_blank\" rel=\"noopener\">&gt; mehr Infos bei Amazon.de oder auch world wide &#8230;&lt;&lt;<\/a><\/p>\n<\/blockquote>\n<p>im Hochformat (upright format):<\/p>\n<figure id=\"attachment_8377\" aria-describedby=\"caption-attachment-8377\" style=\"width: 800px\" class=\"wp-caption aligncenter\"><a href=\"http:\/\/culmsee.com\/wordpress-weblog\/wp-content\/uploads\/2019\/08\/Rose-Merci-Cover-Taschenbuch.jpg\"><img loading=\"lazy\" decoding=\"async\" class=\"wp-image-8377 size-medium\" src=\"http:\/\/culmsee.com\/wordpress-weblog\/wp-content\/uploads\/2019\/08\/Rose-Merci-Cover-Taschenbuch-800x600.jpg\" alt=\"Amazon Paperback Taschenbuch-Cover von Axel Culmsee Rose Merci\" width=\"800\" height=\"600\" srcset=\"https:\/\/culmsee.com\/wordpress-weblog\/wp-content\/uploads\/2019\/08\/Rose-Merci-Cover-Taschenbuch-800x600.jpg 800w, https:\/\/culmsee.com\/wordpress-weblog\/wp-content\/uploads\/2019\/08\/Rose-Merci-Cover-Taschenbuch-80x60.jpg 80w, https:\/\/culmsee.com\/wordpress-weblog\/wp-content\/uploads\/2019\/08\/Rose-Merci-Cover-Taschenbuch-768x576.jpg 768w, https:\/\/culmsee.com\/wordpress-weblog\/wp-content\/uploads\/2019\/08\/Rose-Merci-Cover-Taschenbuch-1600x1200.jpg 1600w, https:\/\/culmsee.com\/wordpress-weblog\/wp-content\/uploads\/2019\/08\/Rose-Merci-Cover-Taschenbuch-500x375.jpg 500w, https:\/\/culmsee.com\/wordpress-weblog\/wp-content\/uploads\/2019\/08\/Rose-Merci-Cover-Taschenbuch-1280x959.jpg 1280w, https:\/\/culmsee.com\/wordpress-weblog\/wp-content\/uploads\/2019\/08\/Rose-Merci-Cover-Taschenbuch-1920x1439.jpg 1920w, https:\/\/culmsee.com\/wordpress-weblog\/wp-content\/uploads\/2019\/08\/Rose-Merci-Cover-Taschenbuch-360x270.jpg 360w\" sizes=\"auto, (max-width: 800px) 100vw, 800px\" \/><\/a><figcaption id=\"caption-attachment-8377\" class=\"wp-caption-text\">Amazon Paperback (<strong>Taschenbuch<\/strong>-Cover) von <em>Axel Culmsee:<\/em> <strong>Rose &#8211; Merci<\/strong><\/figcaption><\/figure>\n<p>&nbsp;<\/p>\n<p>&nbsp;<\/p>\n<hr \/>\n<p style=\"text-align: left;\">im Querformat (landscape format):<\/p>\n<figure id=\"attachment_9143\" aria-describedby=\"caption-attachment-9143\" style=\"width: 1400px\" class=\"wp-caption aligncenter\"><a href=\"https:\/\/amzn.to\/2MgChtF\" target=\"_blank\" rel=\"noopener\"><img loading=\"lazy\" decoding=\"async\" class=\"wp-image-9143 size-full\" src=\"http:\/\/culmsee.com\/wordpress-weblog\/wp-content\/uploads\/2019\/10\/Roses_2_paperbook-Cover.jpg\" alt=\"Rose Congratulations Paperbook Cover\" width=\"1400\" height=\"519\" srcset=\"https:\/\/culmsee.com\/wordpress-weblog\/wp-content\/uploads\/2019\/10\/Roses_2_paperbook-Cover.jpg 1400w, https:\/\/culmsee.com\/wordpress-weblog\/wp-content\/uploads\/2019\/10\/Roses_2_paperbook-Cover-800x297.jpg 800w, https:\/\/culmsee.com\/wordpress-weblog\/wp-content\/uploads\/2019\/10\/Roses_2_paperbook-Cover-768x285.jpg 768w, https:\/\/culmsee.com\/wordpress-weblog\/wp-content\/uploads\/2019\/10\/Roses_2_paperbook-Cover-500x185.jpg 500w, https:\/\/culmsee.com\/wordpress-weblog\/wp-content\/uploads\/2019\/10\/Roses_2_paperbook-Cover-1280x475.jpg 1280w, https:\/\/culmsee.com\/wordpress-weblog\/wp-content\/uploads\/2019\/10\/Roses_2_paperbook-Cover-360x133.jpg 360w\" sizes=\"auto, (max-width: 1400px) 100vw, 1400px\" \/><\/a><figcaption id=\"caption-attachment-9143\" class=\"wp-caption-text\"><em><strong>Rose Congratulations<\/strong><\/em> (Paperbook Cover)<\/figcaption><\/figure>\n<h5>12:<br \/>\nRed Robe |\u00a0Yellow Queen |\u00a0Roseate |\u00a0Baroness |\u00a0Spring Meeting |\u00a0Pink&#8217;s refresher |\u00a0wanly Duchess |\u00a0graceful scent |\u00a0freckles sphere |\u00a0crystalline rosy pearls of joy |\u00a0majestic dignity |\u00a0sheltered beauty<\/h5>\n<p style=\"text-align: center;\"><a href=\"https:\/\/amzn.to\/34daFgX\" target=\"_blank\" rel=\"noopener\">&gt;&gt; mehr Infos bei Amazon.de oder auch world wide &#8230;&lt;&lt;<\/a><\/p>\n<p>&nbsp;<\/p>\n<hr \/>\n<p style=\"text-align: center;\">Star Trek SigmaTau Fleet &#8211; starship design<br \/>\nDevelopment Design Department Deep Space Starships<\/p>\n<figure id=\"attachment_8165\" aria-describedby=\"caption-attachment-8165\" style=\"width: 800px\" class=\"wp-caption aligncenter\"><a href=\"http:\/\/culmsee.com\/wordpress-weblog\/wp-content\/uploads\/2019\/08\/SigmaTau-Cover_8-25x6.jpg\"><img loading=\"lazy\" decoding=\"async\" class=\"wp-image-8165 size-medium\" src=\"http:\/\/culmsee.com\/wordpress-weblog\/wp-content\/uploads\/2019\/08\/SigmaTau-Cover_8-25x6-800x295.jpg\" alt=\"Star Trek SigmaTau Fleet starship design Development Design Department Deep Space Starships Amazon kdp edition Cover\" width=\"800\" height=\"295\" srcset=\"https:\/\/culmsee.com\/wordpress-weblog\/wp-content\/uploads\/2019\/08\/SigmaTau-Cover_8-25x6-800x295.jpg 800w, https:\/\/culmsee.com\/wordpress-weblog\/wp-content\/uploads\/2019\/08\/SigmaTau-Cover_8-25x6-768x284.jpg 768w, https:\/\/culmsee.com\/wordpress-weblog\/wp-content\/uploads\/2019\/08\/SigmaTau-Cover_8-25x6-500x185.jpg 500w, https:\/\/culmsee.com\/wordpress-weblog\/wp-content\/uploads\/2019\/08\/SigmaTau-Cover_8-25x6-360x133.jpg 360w, https:\/\/culmsee.com\/wordpress-weblog\/wp-content\/uploads\/2019\/08\/SigmaTau-Cover_8-25x6.jpg 1200w\" sizes=\"auto, (max-width: 800px) 100vw, 800px\" \/><\/a><figcaption id=\"caption-attachment-8165\" class=\"wp-caption-text\">Star Trek SigmaTau Fleet &#8211; starship design: Development Design Department Deep Space Starships (Amazon kdp edition) Cover<\/figcaption><\/figure>\n<p style=\"text-align: center;\"><a href=\"https:\/\/amzn.to\/2ZqvuSF\" target=\"_blank\" rel=\"noopener\">&gt;&gt; mehr Infos bei Amazon.de oder auch world wide &#8230;&lt;&lt;<\/a><\/p>\n<p>&nbsp;<\/p>\n<hr \/>\n<p>&nbsp;<\/p>\n<figure id=\"attachment_8302\" aria-describedby=\"caption-attachment-8302\" style=\"width: 375px\" class=\"wp-caption aligncenter\"><a href=\"http:\/\/culmsee.com\/wordpress-weblog\/wp-content\/uploads\/2019\/08\/Kindle_eBook-Cover_LuLu.jpg\"><img loading=\"lazy\" decoding=\"async\" class=\"wp-image-8302 size-medium\" src=\"http:\/\/culmsee.com\/wordpress-weblog\/wp-content\/uploads\/2019\/08\/Kindle_eBook-Cover_LuLu-375x600.jpg\" alt=\"Amazon eBook Cover von Axel Culmsee LuLu Erstes Jahr mit Malteserin KleinKlein\" width=\"375\" height=\"600\" srcset=\"https:\/\/culmsee.com\/wordpress-weblog\/wp-content\/uploads\/2019\/08\/Kindle_eBook-Cover_LuLu-375x600.jpg 375w, https:\/\/culmsee.com\/wordpress-weblog\/wp-content\/uploads\/2019\/08\/Kindle_eBook-Cover_LuLu-768x1229.jpg 768w, https:\/\/culmsee.com\/wordpress-weblog\/wp-content\/uploads\/2019\/08\/Kindle_eBook-Cover_LuLu-750x1200.jpg 750w, https:\/\/culmsee.com\/wordpress-weblog\/wp-content\/uploads\/2019\/08\/Kindle_eBook-Cover_LuLu-500x800.jpg 500w, https:\/\/culmsee.com\/wordpress-weblog\/wp-content\/uploads\/2019\/08\/Kindle_eBook-Cover_LuLu-800x1280.jpg 800w, https:\/\/culmsee.com\/wordpress-weblog\/wp-content\/uploads\/2019\/08\/Kindle_eBook-Cover_LuLu-1280x2048.jpg 1280w, https:\/\/culmsee.com\/wordpress-weblog\/wp-content\/uploads\/2019\/08\/Kindle_eBook-Cover_LuLu-169x270.jpg 169w, https:\/\/culmsee.com\/wordpress-weblog\/wp-content\/uploads\/2019\/08\/Kindle_eBook-Cover_LuLu.jpg 1600w\" sizes=\"auto, (max-width: 375px) 100vw, 375px\" \/><\/a><figcaption id=\"caption-attachment-8302\" class=\"wp-caption-text\">Amazon <strong>eBook<\/strong> (Cover) von <em>Axel Culmsee:<\/em> <strong>LuLu &#8211; Erstes Jahr mit Malteserin KleinKlein<\/strong><\/figcaption><\/figure>\n<p style=\"text-align: center;\"><a href=\"https:\/\/amzn.to\/2ZgVi8v\" target=\"_blank\" rel=\"noopener\">&gt;&gt; mehr Infos bei Amazon.de oder auch world wide &#8230;&lt;&lt;<\/a><\/p>\n<p>&nbsp;<\/p>\n<hr \/>\n<p>&nbsp;<\/p>\n<p>&nbsp;<\/p>\n<figure id=\"attachment_8291\" aria-describedby=\"caption-attachment-8291\" style=\"width: 800px\" class=\"wp-caption aligncenter\"><a href=\"http:\/\/culmsee.com\/wordpress-weblog\/wp-content\/uploads\/2019\/08\/Werke-1_Cover_Denksprueche_Axel_Culmsee.jpg\"><img loading=\"lazy\" decoding=\"async\" class=\"wp-image-8291 size-medium\" src=\"http:\/\/culmsee.com\/wordpress-weblog\/wp-content\/uploads\/2019\/08\/Werke-1_Cover_Denksprueche_Axel_Culmsee-800x562.jpg\" alt=\"Amazon Buch Cover Axel Culmsee Denksprueche ueber unser Leben Vergaenglichkeit vom Sein\" width=\"800\" height=\"562\" srcset=\"https:\/\/culmsee.com\/wordpress-weblog\/wp-content\/uploads\/2019\/08\/Werke-1_Cover_Denksprueche_Axel_Culmsee-800x562.jpg 800w, https:\/\/culmsee.com\/wordpress-weblog\/wp-content\/uploads\/2019\/08\/Werke-1_Cover_Denksprueche_Axel_Culmsee-768x540.jpg 768w, https:\/\/culmsee.com\/wordpress-weblog\/wp-content\/uploads\/2019\/08\/Werke-1_Cover_Denksprueche_Axel_Culmsee-500x351.jpg 500w, https:\/\/culmsee.com\/wordpress-weblog\/wp-content\/uploads\/2019\/08\/Werke-1_Cover_Denksprueche_Axel_Culmsee-360x253.jpg 360w, https:\/\/culmsee.com\/wordpress-weblog\/wp-content\/uploads\/2019\/08\/Werke-1_Cover_Denksprueche_Axel_Culmsee.jpg 1275w\" sizes=\"auto, (max-width: 800px) 100vw, 800px\" \/><\/a><figcaption id=\"caption-attachment-8291\" class=\"wp-caption-text\">Amazon <strong>Buch<\/strong> (Cover) von <em>Axel Culmsee:<\/em> <strong>Denkspr\u00fcche \u00fcber unser Leben &#8211; Verg\u00e4nglichkeit vom Sein<\/strong><\/figcaption><\/figure>\n<p style=\"text-align: center;\"><a href=\"https:\/\/amzn.to\/2NO3uWK\" target=\"_blank\" rel=\"noopener\">&gt;&gt; mehr Infos bei Amazon.de oder auch world wide &#8230;&lt;&lt;<\/a><\/p>\n<figure id=\"attachment_8292\" aria-describedby=\"caption-attachment-8292\" style=\"width: 375px\" class=\"wp-caption aligncenter\"><a href=\"http:\/\/culmsee.com\/wordpress-weblog\/wp-content\/uploads\/2019\/08\/Werke-1_Cover_Denksprueche_Axel_Culmsee_eBook.jpg\"><img loading=\"lazy\" decoding=\"async\" class=\"wp-image-8292 size-medium\" src=\"http:\/\/culmsee.com\/wordpress-weblog\/wp-content\/uploads\/2019\/08\/Werke-1_Cover_Denksprueche_Axel_Culmsee_eBook-375x600.jpg\" alt=\"Amazon eBook Cover von Axel Culmsee: Denksprueche ueber unser Leben Vergaenglichkeit vom Sein\" width=\"375\" height=\"600\" srcset=\"https:\/\/culmsee.com\/wordpress-weblog\/wp-content\/uploads\/2019\/08\/Werke-1_Cover_Denksprueche_Axel_Culmsee_eBook-375x600.jpg 375w, https:\/\/culmsee.com\/wordpress-weblog\/wp-content\/uploads\/2019\/08\/Werke-1_Cover_Denksprueche_Axel_Culmsee_eBook-500x800.jpg 500w, https:\/\/culmsee.com\/wordpress-weblog\/wp-content\/uploads\/2019\/08\/Werke-1_Cover_Denksprueche_Axel_Culmsee_eBook-169x270.jpg 169w, https:\/\/culmsee.com\/wordpress-weblog\/wp-content\/uploads\/2019\/08\/Werke-1_Cover_Denksprueche_Axel_Culmsee_eBook.jpg 640w\" sizes=\"auto, (max-width: 375px) 100vw, 375px\" \/><\/a><figcaption id=\"caption-attachment-8292\" class=\"wp-caption-text\">Amazon <strong>eBook<\/strong> (Cover) von <em>Axel Culmsee:<\/em> <strong>Denkspr\u00fcche \u00fcber unser Leben &#8211; Verg\u00e4nglichkeit vom Sein<\/strong><\/figcaption><\/figure>\n<hr \/>\n<p>&nbsp;<\/p>\n<p style=\"text-align: center;\"><span style=\"font-size: 10pt;\">Hinweis zur Information:<br \/>\nDie Hyperlinks zu meinem Produkt auf die jeweilige deutschsprachige Website von Amazon.de<br \/>\nsind Werbung in eigener Sache als sog. Partnernet-Links<br \/>\n(erkennbar in der Adresszeile).<\/span><\/p>\n<p>&nbsp;<\/p>\n<hr \/>\n<p style=\"text-align: center;\"><a class=\"maxbutton-61 maxbutton maxbutton-zum-anfang\" title=\"nach oben ZUM ANFANG der Seite\" href=\"#top\"><span class='mb-text'>zum Anfang<\/span><\/a><\/p>\n<p style=\"text-align: center;\"><span style=\"color: #188ea0;\">\u00a9 Photographies Produced &amp; Copyright incl. photo editing by <em>Axel Culmsee<\/em>, Germany<br \/>\nCourtesy of\u00a0 \u00a0<a style=\"color: #188ea0;\" href=\"http:\/\/culmsee.com\" target=\"_blank\" rel=\"noopener\">www.culmsee.com<\/a>\u00a0<\/span><\/p>\n<p style=\"text-align: center;\"><img loading=\"lazy\" decoding=\"async\" class=\"aligncenter wp-image-29 size-medium\" src=\"http:\/\/culmsee.com\/wordpress-weblog\/wp-content\/uploads\/2017\/12\/Ende-webLog-300x12.jpg\" alt=\"Ende von diesem WebLog\" width=\"300\" height=\"12\" srcset=\"https:\/\/culmsee.com\/wordpress-weblog\/wp-content\/uploads\/2017\/12\/Ende-webLog-300x12.jpg 300w, https:\/\/culmsee.com\/wordpress-weblog\/wp-content\/uploads\/2017\/12\/Ende-webLog.jpg 500w\" sizes=\"auto, (max-width: 300px) 100vw, 300px\" \/><\/p>\n<p style=\"text-align: center;\"><span style=\"color: #999999;\"><a class=\"maxbutton-56 maxbutton maxbutton-top\" title=\"skip back to TOP of this site\" href=\"#top\"><span class='mb-text'>return TOP<\/span><\/a> \u00a0<\/span><\/p>\n<p style=\"text-align: center;\"><span style=\"color: #999999;\">2.858 views<\/span><\/p>\n<p style=\"text-align: center;\">\n","protected":false},"excerpt":{"rendered":"<p>my own books: &#8212; advertising &#8212; 12: Ros\u00e9 | tear of joy | naranja dulce | pinkish | expressiveness | luckily escaped | red glory | rose&#8217;s dawn | rose&#8217;s dawn | full grandeur | tender mystique | a soup\u00e7on <a href=\"https:\/\/culmsee.com\/wordpress-weblog\/books-ebooks-amazon\/\" class=\"read-more\">Weiterlesen &#8230;<\/a><\/p>\n","protected":false},"author":1,"featured_media":8396,"parent":0,"menu_order":0,"comment_status":"closed","ping_status":"closed","template":"","meta":{"footnotes":""},"class_list":["post-8384","page","type-page","status-publish","has-post-thumbnail","hentry"],"_links":{"self":[{"href":"https:\/\/culmsee.com\/wordpress-weblog\/wp-json\/wp\/v2\/pages\/8384","targetHints":{"allow":["GET"]}}],"collection":[{"href":"https:\/\/culmsee.com\/wordpress-weblog\/wp-json\/wp\/v2\/pages"}],"about":[{"href":"https:\/\/culmsee.com\/wordpress-weblog\/wp-json\/wp\/v2\/types\/page"}],"author":[{"embeddable":true,"href":"https:\/\/culmsee.com\/wordpress-weblog\/wp-json\/wp\/v2\/users\/1"}],"replies":[{"embeddable":true,"href":"https:\/\/culmsee.com\/wordpress-weblog\/wp-json\/wp\/v2\/comments?post=8384"}],"version-history":[{"count":0,"href":"https:\/\/culmsee.com\/wordpress-weblog\/wp-json\/wp\/v2\/pages\/8384\/revisions"}],"wp:featuredmedia":[{"embeddable":true,"href":"https:\/\/culmsee.com\/wordpress-weblog\/wp-json\/wp\/v2\/media\/8396"}],"wp:attachment":[{"href":"https:\/\/culmsee.com\/wordpress-weblog\/wp-json\/wp\/v2\/media?parent=8384"}],"curies":[{"name":"wp","href":"https:\/\/api.w.org\/{rel}","templated":true}]}}